{"id":4354,"date":"2018-10-17T17:51:07","date_gmt":"2018-10-17T15:51:07","guid":{"rendered":"http:\/\/carmenperalta.com\/legal-advise\/"},"modified":"2018-10-17T17:51:08","modified_gmt":"2018-10-17T15:51:08","slug":"legal-advise","status":"publish","type":"page","link":"http:\/\/carmenperalta.com\/en\/legal-advise\/","title":{"rendered":"Legal advise"},"content":{"rendered":"\t\t<div data-elementor-type=\"wp-page\" data-elementor-id=\"4354\" class=\"elementor elementor-4354 elementor-52 elementor-bc-flex-widget\">\n\t\t\t\t\t\t<div class=\"elementor-inner\">\n\t\t\t\t<div class=\"elementor-section-wrap\">\n\t\t\t\t\t\t\t\t\t<section class=\"elementor-section elementor-top-section elementor-element elementor-element-e29ef32 elementor-section-boxed elementor-section-height-default elementor-section-height-default\" data-id=\"e29ef32\" data-element_type=\"section\">\n\t\t\t\t\t\t<div class=\"elementor-container elementor-column-gap-default\">\n\t\t\t\t\t\t\t<div class=\"elementor-row\">\n\t\t\t\t\t<div class=\"elementor-column elementor-col-100 elementor-top-column elementor-element elementor-element-6e62b77\" data-id=\"6e62b77\" data-element_type=\"column\">\n\t\t\t<div class=\"elementor-column-wrap elementor-element-populated\">\n\t\t\t\t\t\t\t<div class=\"elementor-widget-wrap\">\n\t\t\t\t\t\t<div class=\"elementor-element elementor-element-c7f91c7 elementor-widget elementor-widget-text-editor\" data-id=\"c7f91c7\" data-element_type=\"widget\" data-widget_type=\"text-editor.default\">\n\t\t\t\t<div class=\"elementor-widget-container\">\n\t\t\t\t\t\t\t\t<div class=\"elementor-text-editor elementor-clearfix\">\n\t\t\t\t<p><strong>AVISO LEGAL<\/strong><\/p>\n<p><a href=\"http:\/\/www.carmenperalta.com\">www.carmenperalta.com<\/a>\u00a0\u00a0le informa que los datos de car\u00e1cter personal que\u00a0proporcione en el presente formulario ser\u00e1n tratados por\u00a0<em>Carmen Peralta<\/em>\u00a0como responsable de esta web. La finalidad de la recogida y tratamiento de los datos personales que le solicitamos es para enviarle nuestras publicaciones, promociones de productos y\/o servicios, reservas para la participaci\u00f3n en cursos y recursos exclusivos. Podr\u00e1s ejercer sus derechos de acceso, rectificaci\u00f3n, limitaci\u00f3n y suprimir los datos en\u00a0<u>info@carmenperalta.com<\/u>\u00a0as\u00ed como el derecho a presentar una reclamaci\u00f3n ante una autoridad de control. Puedes consultar la informaci\u00f3n adicional y detallada sobre Protecci\u00f3n de Datos en nuestra\u00a0<a href=\"http:\/\/carmenperalta.com\/en\/privacy\/\">pol\u00edtica de privacidad.<\/a><\/p>\n\t\t\t\t\t<\/div>\n\t\t\t\t\t\t<\/div>\n\t\t\t\t<\/div>\n\t\t\t\t\t\t<\/div>\n\t\t\t\t\t<\/div>\n\t\t<\/div>\n\t\t\t\t\t\t\t\t<\/div>\n\t\t\t\t\t<\/div>\n\t\t<\/section>\n\t\t\t\t\t\t\t\t\t<\/div>\n\t\t\t<\/div>\n\t\t\t\t\t<\/div>\n\t\t","protected":false},"excerpt":{"rendered":"<p>AVISO LEGAL www.carmenperalta.com\u00a0\u00a0le informa que los datos de car\u00e1cter personal que\u00a0proporcione en el presente formulario ser\u00e1n tratados por\u00a0Carmen Peralta\u00a0como responsable de esta web. La finalidad de la recogida y tratamiento de los datos personales que le solicitamos es para enviarle nuestras publicaciones, promociones de productos y\/o servicios, reservas para la participaci\u00f3n en cursos y recursos &#8230; <a title=\"Legal advise\" class=\"read-more\" href=\"http:\/\/carmenperalta.com\/en\/legal-advise\/\" aria-label=\"More on Legal advise\">Read more<\/a><\/p>\n","protected":false},"author":2,"featured_media":0,"parent":0,"menu_order":10,"comment_status":"closed","ping_status":"open","template":"elementor_header_footer","meta":[],"_links":{"self":[{"href":"http:\/\/carmenperalta.com\/en\/wp-json\/wp\/v2\/pages\/4354"}],"collection":[{"href":"http:\/\/carmenperalta.com\/en\/wp-json\/wp\/v2\/pages"}],"about":[{"href":"http:\/\/carmenperalta.com\/en\/wp-json\/wp\/v2\/types\/page"}],"author":[{"embeddable":true,"href":"http:\/\/carmenperalta.com\/en\/wp-json\/wp\/v2\/users\/2"}],"replies":[{"embeddable":true,"href":"http:\/\/carmenperalta.com\/en\/wp-json\/wp\/v2\/comments?post=4354"}],"version-history":[{"count":1,"href":"http:\/\/carmenperalta.com\/en\/wp-json\/wp\/v2\/pages\/4354\/revisions"}],"predecessor-version":[{"id":4355,"href":"http:\/\/carmenperalta.com\/en\/wp-json\/wp\/v2\/pages\/4354\/revisions\/4355"}],"wp:attachment":[{"href":"http:\/\/carmenperalta.com\/en\/wp-json\/wp\/v2\/media?parent=4354"}],"curies":[{"name":"wp","href":"https:\/\/api.w.org\/{rel}","templated":true}]}}